{"id":1004,"date":"2024-02-14T11:54:31","date_gmt":"2024-02-14T09:54:31","guid":{"rendered":"https:\/\/brendaterapias.org\/?page_id=1004"},"modified":"2024-02-20T12:49:58","modified_gmt":"2024-02-20T10:49:58","slug":"declaracion-de-accesibilidad","status":"publish","type":"page","link":"https:\/\/brendaterapias.org\/es_es\/declaracion-de-accesibilidad\/","title":{"rendered":"Declaraci\u00f3n de Accesibilidad"},"content":{"rendered":"\t\t<div data-elementor-type=\"wp-page\" data-elementor-id=\"1004\" class=\"elementor elementor-1004\" data-elementor-post-type=\"page\">\n\t\t\t\t<div class=\"elementor-element elementor-element-c2e0c6c e-con-full e-flex e-con e-parent\" data-id=\"c2e0c6c\" data-element_type=\"container\" data-e-type=\"container\" data-settings=\"{&quot;background_background&quot;:&quot;classic&quot;}\">\n\t\t\t\t<div class=\"elementor-element elementor-element-fa24f1f elementor-widget elementor-widget-heading\" data-id=\"fa24f1f\" data-element_type=\"widget\" data-e-type=\"widget\" data-widget_type=\"heading.default\">\n\t\t\t\t<div class=\"elementor-widget-container\">\n\t\t\t\t\t<h1 class=\"elementor-heading-title elementor-size-default\">Declaraci\u00f3n de Accesibilidad<\/h1>\t\t\t\t<\/div>\n\t\t\t\t<\/div>\n\t\t\t\t<div class=\"elementor-element elementor-element-b3920b4 elementor-widget elementor-widget-heading\" data-id=\"b3920b4\" data-element_type=\"widget\" data-e-type=\"widget\" data-widget_type=\"heading.default\">\n\t\t\t\t<div class=\"elementor-widget-container\">\n\t\t\t\t\t<h2 class=\"elementor-heading-title elementor-size-default\">brendaterapias.org<\/h2>\t\t\t\t<\/div>\n\t\t\t\t<\/div>\n\t\t\t\t<\/div>\n\t\t<div class=\"elementor-element elementor-element-dffa458 e-flex e-con-boxed e-con e-parent\" data-id=\"dffa458\" data-element_type=\"container\" data-e-type=\"container\">\n\t\t\t\t\t<div class=\"e-con-inner\">\n\t\t\t\t<div class=\"elementor-element elementor-element-d5a5737 elementor-widget elementor-widget-text-editor\" data-id=\"d5a5737\" data-element_type=\"widget\" data-e-type=\"widget\" data-widget_type=\"text-editor.default\">\n\t\t\t\t<div class=\"elementor-widget-container\">\n\t\t\t\t\t\t\t\t\t<h2 class=\"p1\"><b>DECLARACI\u00d3N DE ACCESIBILIDAD<\/b><\/h2><p class=\"p1\">Brenda, due\u00f1a de esta p\u00e1gina web, se ha comprometido a hacer accesibles sus sitios web de conformidad con el Real Decreto 1112\/2018, de 7 de septiembre sobre accesibilidad de los sitios web y aplicaciones para dispositivos m\u00f3viles del sector p\u00fablico (en adelante, Real Decreto 1112\/2018, de 7 de septiembre).<\/p><p class=\"p1\">La presente declaraci\u00f3n de accesibilidad se aplica al sitio web <a href=\"https:\/\/www.brendaterapias.org\" target=\"_blank\" rel=\"noopener\">https:\/\/www.brendaterapias.org<\/a><\/p><h2>\u00a0<\/h2><h2 class=\"p1\"><b>Situaci\u00f3n de cumplimiento<\/b><\/h2><p class=\"p1\">Este sitio web es <b>parcialmente conforme<\/b> con el Real Decreto 1112\/2018, de 7 de septiembre, debido a la falta de conformidad de los aspectos que se indican a continuaci\u00f3n.<\/p><h2>\u00a0<\/h2><h2 class=\"p1\"><b>Contenido no accesible<\/b><\/h2><p class=\"p1\">El contenido que se recoge a continuaci\u00f3n no es accesible por lo siguiente:<\/p><ul class=\"ul1\"><li class=\"li4\"><span class=\"s1\">Falta de conformidad con el Real Decreto 1112\/2018, de 7 de septiembre:<\/span> podr\u00edan existir fallos puntuales de edici\u00f3n en alguna p\u00e1gina web o falta de instrucciones en algunos elementos.<\/li><\/ul><ul class=\"ul1\"><li class=\"li4\"><span class=\"s1\">Carga desproporcionada<\/span>: no aplica.<\/li><\/ul><ul class=\"ul1\"><li class=\"li4\"><span class=\"s1\">El contenido no entra dentro del \u00e1mbito de la legislaci\u00f3n aplicable:<\/span> pueden existir archivos ofim\u00e1ticos en PDF que no cumplen en su totalidad todos los requisitos de accesibilidad.<\/li><\/ul><h2>\u00a0<\/h2><h2 class=\"p1\"><b>Preparaci\u00f3n de la presente declaraci\u00f3n de accesibilidad<\/b><\/h2><p class=\"p1\">La presente declaraci\u00f3n fue preparada el <b>14 de febrero de 2024.<\/b><\/p><p class=\"p1\">El m\u00e9todo empleado para preparar la declaraci\u00f3n ha sido una autoevaluaci\u00f3n llevada a cabo por la empresa de desarrollo web Ana Sastre L\u00f3pez (bajo el nombre de marca Marketing Lib\u00e9lula).<\/p><p class=\"p1\">\u00daltima revisi\u00f3n de la declaraci\u00f3n: <b>14 de febrero de 2024<\/b><b>.<\/b><\/p><h2>\u00a0<\/h2><h2 class=\"p1\"><b>Observaciones y datos de contacto<\/b><\/h2><p class=\"p1\">Puede realizar comunicaciones sobre requisitos de accesibilidad (art\u00edculo 10.2.a) del Real Decreto 1112\/2018, de 7 de septiembre) como, por ejemplo:<\/p><ul class=\"ul1\"><li class=\"li4\">Informar sobre cualquier posible incumplimiento por parte de este sitio web.<\/li><li class=\"li4\">Transmitir otras dificultades de acceso al contenido.<\/li><li class=\"li4\">Formular cualquier otra consulta o sugerencia de mejora relativa a la accesibilidad del sitio web.<\/li><\/ul><p class=\"p1\">A trav\u00e9s de las siguientes v\u00edas:<\/p><ul class=\"ul1\"><li class=\"li4\">Correo electr\u00f3nico: <a href=\"mailto:brenda@brendaterapias.org\" target=\"_blank\" rel=\"noopener\">brenda@brendaterapias.org<\/a> . Las comunicaciones ser\u00e1n recibidas y tratadas por Brenda Kelleher due\u00f1a de la p\u00e1gina web.<\/li><\/ul><h2>\u00a0<\/h2><h2 class=\"p1\"><b>Procedimiento de aplicaci\u00f3n<\/b><\/h2><p class=\"p1\">A trav\u00e9s del correo anterior podr\u00e1 iniciar una reclamaci\u00f3n para conocer y oponerse a los motivos de la desestimaci\u00f3n de una solicitud de informaci\u00f3n accesible o queja, instar la adopci\u00f3n de las medidas oportunas en el caso de no estar de acuerdo con la decisi\u00f3n adoptada, o exponer las razones por las que se considera que la respuesta no cumple con los requisitos exigidos.<\/p><h2>\u00a0<\/h2><h2 class=\"p1\"><b>Contenido opcional<\/b><\/h2><p class=\"p1\">La versi\u00f3n actualmente visible de este sitio web es de <b>14 de febrero de 2024 <\/b>y en esa fecha se hizo la revisi\u00f3n del nivel de accesibilidad vigente en aquel momento.<\/p><p class=\"p1\">A partir de dicha fecha se llevan a cabo revisiones parciales de las p\u00e1ginas y documentos finales posteriormente publicadas, a fin de asegurar el cumplimiento de los requerimientos de accesibilidad de la Norma UNE-EN 301549:2019, considerando las excepciones del Real Decreto 1112\/2018, de 7 de septiembre.<\/p><h2>\u00a0<\/h2><h2 class=\"p1\"><b>Entre otras se adoptan las siguientes medidas para facilitar la accesibilidad:<\/b><\/h2><ul class=\"ul1\"><li class=\"li4\">Utilizaci\u00f3n de texto alternativo en las im\u00e1genes<\/li><li class=\"li4\">Los enlaces ofrecen detalles de la funci\u00f3n o destino del hiperv\u00ednculo<\/li><li class=\"li4\">Uso de los est\u00e1ndares del W3C: HTML, CSS 3.0<\/li><\/ul>\t\t\t\t\t\t\t\t<\/div>\n\t\t\t\t<\/div>\n\t\t\t\t\t<\/div>\n\t\t\t\t<\/div>\n\t\t\t\t<\/div>\n\t\t","protected":false},"excerpt":{"rendered":"<p>Declaraci\u00f3n de Accesibilidad brendaterapias.org DECLARACI\u00d3N DE ACCESIBILIDAD Brenda, due\u00f1a de esta p\u00e1gina web, se ha comprometido a hacer accesibles sus sitios web de conformidad con el Real Decreto 1112\/2018, de 7 de septiembre sobre accesibilidad de los sitios web y aplicaciones para dispositivos m\u00f3viles del sector p\u00fablico (en adelante, Real Decreto 1112\/2018, de 7 de [&hellip;]<\/p>\n","protected":false},"author":2,"featured_media":0,"parent":0,"menu_order":0,"comment_status":"closed","ping_status":"closed","template":"","meta":{"footnotes":""},"class_list":["post-1004","page","type-page","status-publish","hentry"],"yoast_head":"<!-- This site is optimized with the Yoast SEO plugin v27.5 - https:\/\/yoast.com\/product\/yoast-seo-wordpress\/ -->\n<title>Declaraci\u00f3n de Accesibilidad - Brenda Terapias<\/title>\n<meta name=\"robots\" content=\"index, nofollow, max-snippet:-1, max-image-preview:large, max-video-preview:-1\" \/>\n<link rel=\"canonical\" href=\"https:\/\/brendaterapias.org\/es_es\/declaracion-de-accesibilidad\/\" \/>\n<meta property=\"og:locale\" content=\"es_ES\" \/>\n<meta property=\"og:type\" content=\"article\" \/>\n<meta property=\"og:title\" content=\"Declaraci\u00f3n de Accesibilidad - Brenda Terapias\" \/>\n<meta property=\"og:description\" content=\"Declaraci\u00f3n de Accesibilidad brendaterapias.org DECLARACI\u00d3N DE ACCESIBILIDAD Brenda, due\u00f1a de esta p\u00e1gina web, se ha comprometido a hacer accesibles sus sitios web de conformidad con el Real Decreto 1112\/2018, de 7 de septiembre sobre accesibilidad de los sitios web y aplicaciones para dispositivos m\u00f3viles del sector p\u00fablico (en adelante, Real Decreto 1112\/2018, de 7 de [&hellip;]\" \/>\n<meta property=\"og:url\" content=\"https:\/\/brendaterapias.org\/es_es\/declaracion-de-accesibilidad\/\" \/>\n<meta property=\"og:site_name\" content=\"Brenda Terapias\" \/>\n<meta property=\"article:publisher\" content=\"https:\/\/www.facebook.com\/BrendaGestaltFamilyConstellationsParentingDance\/\" \/>\n<meta property=\"article:modified_time\" content=\"2024-02-20T10:49:58+00:00\" \/>\n<meta name=\"twitter:card\" content=\"summary_large_image\" \/>\n<meta name=\"twitter:label1\" content=\"Tiempo de lectura\" \/>\n\t<meta name=\"twitter:data1\" content=\"3 minutos\" \/>\n<script type=\"application\/ld+json\" class=\"yoast-schema-graph\">{\"@context\":\"https:\\\/\\\/schema.org\",\"@graph\":[{\"@type\":\"WebPage\",\"@id\":\"https:\\\/\\\/brendaterapias.org\\\/declaracion-de-accesibilidad\\\/\",\"url\":\"https:\\\/\\\/brendaterapias.org\\\/declaracion-de-accesibilidad\\\/\",\"name\":\"Declaraci\u00f3n de Accesibilidad - Brenda Terapias\",\"isPartOf\":{\"@id\":\"https:\\\/\\\/brendaterapias.org\\\/#website\"},\"datePublished\":\"2024-02-14T09:54:31+00:00\",\"dateModified\":\"2024-02-20T10:49:58+00:00\",\"breadcrumb\":{\"@id\":\"https:\\\/\\\/brendaterapias.org\\\/declaracion-de-accesibilidad\\\/#breadcrumb\"},\"inLanguage\":\"es\",\"potentialAction\":[{\"@type\":\"ReadAction\",\"target\":[\"https:\\\/\\\/brendaterapias.org\\\/declaracion-de-accesibilidad\\\/\"]}]},{\"@type\":\"BreadcrumbList\",\"@id\":\"https:\\\/\\\/brendaterapias.org\\\/declaracion-de-accesibilidad\\\/#breadcrumb\",\"itemListElement\":[{\"@type\":\"ListItem\",\"position\":1,\"name\":\"Portada\",\"item\":\"https:\\\/\\\/brendaterapias.org\\\/\"},{\"@type\":\"ListItem\",\"position\":2,\"name\":\"Declaraci\u00f3n de Accesibilidad\"}]},{\"@type\":\"WebSite\",\"@id\":\"https:\\\/\\\/brendaterapias.org\\\/#website\",\"url\":\"https:\\\/\\\/brendaterapias.org\\\/\",\"name\":\"Brenda Terapias\",\"description\":\"Psic\u00f3loga en La Marina Alta\",\"publisher\":{\"@id\":\"https:\\\/\\\/brendaterapias.org\\\/#organization\"},\"potentialAction\":[{\"@type\":\"SearchAction\",\"target\":{\"@type\":\"EntryPoint\",\"urlTemplate\":\"https:\\\/\\\/brendaterapias.org\\\/?s={search_term_string}\"},\"query-input\":{\"@type\":\"PropertyValueSpecification\",\"valueRequired\":true,\"valueName\":\"search_term_string\"}}],\"inLanguage\":\"es\"},{\"@type\":\"Organization\",\"@id\":\"https:\\\/\\\/brendaterapias.org\\\/#organization\",\"name\":\"Brenda Terapias\",\"url\":\"https:\\\/\\\/brendaterapias.org\\\/\",\"logo\":{\"@type\":\"ImageObject\",\"inLanguage\":\"es\",\"@id\":\"https:\\\/\\\/brendaterapias.org\\\/#\\\/schema\\\/logo\\\/image\\\/\",\"url\":\"https:\\\/\\\/brendaterapias.org\\\/wp-content\\\/uploads\\\/2022\\\/10\\\/logo-ok.png\",\"contentUrl\":\"https:\\\/\\\/brendaterapias.org\\\/wp-content\\\/uploads\\\/2022\\\/10\\\/logo-ok.png\",\"width\":464,\"height\":222,\"caption\":\"Brenda Terapias\"},\"image\":{\"@id\":\"https:\\\/\\\/brendaterapias.org\\\/#\\\/schema\\\/logo\\\/image\\\/\"},\"sameAs\":[\"https:\\\/\\\/www.facebook.com\\\/BrendaGestaltFamilyConstellationsParentingDance\\\/\"]}]}<\/script>\n<!-- \/ Yoast SEO plugin. -->","yoast_head_json":{"title":"Declaraci\u00f3n de Accesibilidad - Brenda Terapias","robots":{"index":"index","follow":"nofollow","max-snippet":"max-snippet:-1","max-image-preview":"max-image-preview:large","max-video-preview":"max-video-preview:-1"},"canonical":"https:\/\/brendaterapias.org\/es_es\/declaracion-de-accesibilidad\/","og_locale":"es_ES","og_type":"article","og_title":"Declaraci\u00f3n de Accesibilidad - Brenda Terapias","og_description":"Declaraci\u00f3n de Accesibilidad brendaterapias.org DECLARACI\u00d3N DE ACCESIBILIDAD Brenda, due\u00f1a de esta p\u00e1gina web, se ha comprometido a hacer accesibles sus sitios web de conformidad con el Real Decreto 1112\/2018, de 7 de septiembre sobre accesibilidad de los sitios web y aplicaciones para dispositivos m\u00f3viles del sector p\u00fablico (en adelante, Real Decreto 1112\/2018, de 7 de [&hellip;]","og_url":"https:\/\/brendaterapias.org\/es_es\/declaracion-de-accesibilidad\/","og_site_name":"Brenda Terapias","article_publisher":"https:\/\/www.facebook.com\/BrendaGestaltFamilyConstellationsParentingDance\/","article_modified_time":"2024-02-20T10:49:58+00:00","twitter_card":"summary_large_image","twitter_misc":{"Tiempo de lectura":"3 minutos"},"schema":{"@context":"https:\/\/schema.org","@graph":[{"@type":"WebPage","@id":"https:\/\/brendaterapias.org\/declaracion-de-accesibilidad\/","url":"https:\/\/brendaterapias.org\/declaracion-de-accesibilidad\/","name":"Declaraci\u00f3n de Accesibilidad - Brenda Terapias","isPartOf":{"@id":"https:\/\/brendaterapias.org\/#website"},"datePublished":"2024-02-14T09:54:31+00:00","dateModified":"2024-02-20T10:49:58+00:00","breadcrumb":{"@id":"https:\/\/brendaterapias.org\/declaracion-de-accesibilidad\/#breadcrumb"},"inLanguage":"es","potentialAction":[{"@type":"ReadAction","target":["https:\/\/brendaterapias.org\/declaracion-de-accesibilidad\/"]}]},{"@type":"BreadcrumbList","@id":"https:\/\/brendaterapias.org\/declaracion-de-accesibilidad\/#breadcrumb","itemListElement":[{"@type":"ListItem","position":1,"name":"Portada","item":"https:\/\/brendaterapias.org\/"},{"@type":"ListItem","position":2,"name":"Declaraci\u00f3n de Accesibilidad"}]},{"@type":"WebSite","@id":"https:\/\/brendaterapias.org\/#website","url":"https:\/\/brendaterapias.org\/","name":"Brenda Terapias","description":"Psic\u00f3loga en La Marina Alta","publisher":{"@id":"https:\/\/brendaterapias.org\/#organization"},"potentialAction":[{"@type":"SearchAction","target":{"@type":"EntryPoint","urlTemplate":"https:\/\/brendaterapias.org\/?s={search_term_string}"},"query-input":{"@type":"PropertyValueSpecification","valueRequired":true,"valueName":"search_term_string"}}],"inLanguage":"es"},{"@type":"Organization","@id":"https:\/\/brendaterapias.org\/#organization","name":"Brenda Terapias","url":"https:\/\/brendaterapias.org\/","logo":{"@type":"ImageObject","inLanguage":"es","@id":"https:\/\/brendaterapias.org\/#\/schema\/logo\/image\/","url":"https:\/\/brendaterapias.org\/wp-content\/uploads\/2022\/10\/logo-ok.png","contentUrl":"https:\/\/brendaterapias.org\/wp-content\/uploads\/2022\/10\/logo-ok.png","width":464,"height":222,"caption":"Brenda Terapias"},"image":{"@id":"https:\/\/brendaterapias.org\/#\/schema\/logo\/image\/"},"sameAs":["https:\/\/www.facebook.com\/BrendaGestaltFamilyConstellationsParentingDance\/"]}]}},"_links":{"self":[{"href":"https:\/\/brendaterapias.org\/es_es\/wp-json\/wp\/v2\/pages\/1004","targetHints":{"allow":["GET"]}}],"collection":[{"href":"https:\/\/brendaterapias.org\/es_es\/wp-json\/wp\/v2\/pages"}],"about":[{"href":"https:\/\/brendaterapias.org\/es_es\/wp-json\/wp\/v2\/types\/page"}],"author":[{"embeddable":true,"href":"https:\/\/brendaterapias.org\/es_es\/wp-json\/wp\/v2\/users\/2"}],"replies":[{"embeddable":true,"href":"https:\/\/brendaterapias.org\/es_es\/wp-json\/wp\/v2\/comments?post=1004"}],"version-history":[{"count":19,"href":"https:\/\/brendaterapias.org\/es_es\/wp-json\/wp\/v2\/pages\/1004\/revisions"}],"predecessor-version":[{"id":1222,"href":"https:\/\/brendaterapias.org\/es_es\/wp-json\/wp\/v2\/pages\/1004\/revisions\/1222"}],"wp:attachment":[{"href":"https:\/\/brendaterapias.org\/es_es\/wp-json\/wp\/v2\/media?parent=1004"}],"curies":[{"name":"wp","href":"https:\/\/api.w.org\/{rel}","templated":true}]}}